 {"id":101,"date":"2014-08-18T23:00:11","date_gmt":"2014-08-18T23:00:11","guid":{"rendered":"http:\/\/modernthemes.net\/demo\/business\/?page_id=101"},"modified":"2018-10-10T11:47:57","modified_gmt":"2018-10-10T10:47:57","slug":"calcul-empreinte-carbone","status":"publish","type":"page","link":"https:\/\/www.fondationdelille.org\/climat\/cest-a-vous\/calcul-empreinte-carbone\/","title":{"rendered":"Je calcule mon empreinte carbone"},"content":{"rendered":"<p class=\"western\" style=\"text-align: justify;\"><img decoding=\"async\" loading=\"lazy\" class=\" wp-image-424 size-medium aligncenter\" src=\"http:\/\/www.fondationdelille.org\/climat\/wp-content\/uploads\/2015\/04\/Avion-300x101.png\" alt=\"Avion\" width=\"300\" height=\"101\" srcset=\"https:\/\/www.fondationdelille.org\/climat\/wp-content\/uploads\/2015\/04\/Avion-300x101.png 300w, https:\/\/www.fondationdelille.org\/climat\/wp-content\/uploads\/2015\/04\/Avion-1024x344.png 1024w, https:\/\/www.fondationdelille.org\/climat\/wp-content\/uploads\/2015\/04\/Avion.png 1189w\" sizes=\"(max-width: 300px) 100vw, 300px\" \/><\/p>\n<p class=\"western\" style=\"text-align: justify;\">Ce calculateur vous permettra d&rsquo;estimer le <strong>montant de votre don en fonction de vos \u00e9missions de gaz \u00e0 effet de serre li\u00e9es \u00e0 vos d\u00e9placements en avion<\/strong>.<\/p>\n<p><strong>Il s&rsquo;agit d&rsquo;un outil p\u00e9dagogique, vous pouvez \u00e9galement faire un don forfaitaire sans passer par ce calculateur.<\/strong><\/p>\n<p class=\"western\" style=\"text-align: justify;\">Un <strong>co\u00fbt symbolique de 22 euros<\/strong> a \u00e9t\u00e9 appliqu\u00e9 \u00e0 la tonne carbone, vous permettant de calculer le montant de votre don.<\/p>\n<p class=\"western\" style=\"text-align: justify;\">\t<!--noptimize--><script type=\"text\/javascript\">\r\n\t function doValidate_1(form)\r\n\t {\r\n\t\t$dexQuery = jQuery.noConflict();\r\n\t\t$dexQuery( '#cp_calculatedfieldsf_pform_1 #cp_ref_page' ).val( document.location );\r\n\t\t\t\t{\r\n\t\t\tvar cpefb_error = $dexQuery(\"#cp_calculatedfieldsf_pform_1\").find(\".cpefb_error:visible\").length;\r\n\t\t\tif (cpefb_error==0)\r\n\t\t\t{\r\n\t\t\t\t\t\t\t\t$dexQuery(\"#cp_calculatedfieldsf_pform_1\").find(\"[name$='_date']:disabled\").each(function(){\r\n\t\t\t\t\tvar v  \t = $dexQuery(this).val(),\r\n\t\t\t\t\t\tname = $dexQuery(this).attr( 'name' ).replace('_date', ''),\r\n\t\t\t\t\t\te \t = $dexQuery(\"[name='\"+name+\"']\"); if( e.length ){ e.val( $dexQuery.trim( e.val().replace( v, '' ) ) ); }\t\r\n\t\t\t\t});\r\n\t\t\t\t$dexQuery(\"#cp_calculatedfieldsf_pform_1\").find(\"select\").children().each(function(){\r\n\t\t\t\t\tif( typeof $dexQuery(this).attr(\"vt\") != 'undefined' )\r\n\t\t\t\t\t\t$dexQuery(this).val($dexQuery(this).attr(\"vt\"));\r\n\t\t\t\t});\r\n\t\t\t\t$dexQuery(\"#cp_calculatedfieldsf_pform_1\").find(\"input:checkbox,input:radio\").each(function(){\r\n\t\t\t\t\tif( typeof $dexQuery(this).attr(\"vt\") != 'undefined' )\r\n\t\t\t\t\t\t$dexQuery(this).val($dexQuery(this).attr(\"vt\"));\r\n\t\t\t\t});\r\n\t\t\t\t$dexQuery(\"#cp_calculatedfieldsf_pform_1\").find( '.cpcff-recordset' ).remove();\r\n\t\t\t\t$dexQuery(\"#cp_calculatedfieldsf_pform_1\").find( '.ignore' ).closest( '.fields' ).remove();\r\n\t\t\t\t$dexQuery(\"#form_structure_1\").remove();\r\n\t\t\t\t$dexQuery(\"#cp_calculatedfieldsf_pform_1\")[ 0 ].submit();\r\n\t\t\t}\r\n\t\t\treturn false;\r\n\t\t}    \r\n\t }\r\n\t<\/script><!--\/noptimize-->\r\n\t<form name=\"cp_calculatedfieldsf_pform_1\" id=\"cp_calculatedfieldsf_pform_1\" action=\"https:\/\/www.fondationdelille.org\/climat\/cest-a-vous\/calcul-empreinte-carbone\/\" method=\"post\" enctype=\"multipart\/form-data\" onsubmit=\"return doValidate_1(this);\">\r\n\t\t\t<input type=\"hidden\" name=\"cp_calculatedfieldsf_pform_psequence\" value=\"_1\" \/><input type=\"hidden\" name=\"cp_calculatedfieldsf_pform_process\" value=\"1\" \/><input type=\"hidden\" name=\"cp_calculatedfieldsf_id\" value=\"6\" \/><input type=\"hidden\" name=\"cp_ref_page\" value=\"https:\/\/www.fondationdelille.org\/climat\" \/><pre style=\"display:none;\"><!--noptimize--><script>form_structure_1=[[{\"choices\":[],\"list\":{\"database\":{\"form\":\"6\",\"vars\":[]}},\"isDataSource\":true,\"active\":\"database\",\"form_identifier\":\"\",\"name\":\"fieldname4\",\"shortlabel\":\"depart\",\"index\":0,\"ftype\":\"fdropdownds\",\"userhelp\":\"\",\"userhelpTooltip\":false,\"csslayout\":\"\",\"title\":\"D\\u00e9part\",\"size\":\"medium\",\"required\":false,\"toSubmit\":\"text\",\"choiceSelected\":\"\",\"showDep\":false,\"defaultSelection\":\"\",\"fBuild\":{},\"choicesVal\":[],\"parent\":\"\"},{\"choices\":[],\"list\":{\"database\":{\"form\":\"6\",\"vars\":[\"fieldname4\"]}},\"isDataSource\":true,\"active\":\"database\",\"form_identifier\":\"\",\"name\":\"fieldname5\",\"shortlabel\":\"arrivee\",\"index\":1,\"ftype\":\"fdropdownds\",\"userhelp\":\"\",\"userhelpTooltip\":false,\"csslayout\":\"\",\"title\":\"Arriv\\u00e9e\",\"size\":\"medium\",\"required\":false,\"toSubmit\":\"text\",\"choiceSelected\":\"\",\"showDep\":false,\"defaultSelection\":\"\",\"fBuild\":{},\"choicesVal\":[],\"parent\":\"\"},{\"list\":{\"database\":{\"form\":\"6\",\"vars\":[\"fieldname4\",\"fieldname5\"]}},\"isDataSource\":true,\"active\":\"database\",\"form_identifier\":\"\",\"name\":\"fieldname21\",\"shortlabel\":\"\",\"index\":2,\"ftype\":\"fhiddends\",\"userhelp\":\"\",\"userhelpTooltip\":false,\"csslayout\":\"\",\"title\":\"Distance cach\\u00e9e\",\"predefined\":\"\",\"fBuild\":{},\"parent\":\"\"},{\"form_identifier\":\"\",\"name\":\"fieldname9\",\"shortlabel\":\"\",\"index\":3,\"ftype\":\"fdropdown\",\"userhelp\":\"\",\"userhelpTooltip\":false,\"csslayout\":\"\",\"title\":\"Nbr de passager\",\"size\":\"small\",\"required\":false,\"toSubmit\":\"text\",\"choiceSelected\":\"\",\"showDep\":false,\"choices\":[\"1\",\"2\",\"3\",\"4\"],\"choicesVal\":[\"1\",\"2\",\"3\",\"4\"],\"choicesDep\":[[],[],[],[]],\"fBuild\":{},\"parent\":\"\"},{\"form_identifier\":\"\",\"name\":\"fieldname16\",\"shortlabel\":\"\",\"index\":4,\"ftype\":\"fradio\",\"userhelp\":\"\",\"userhelpTooltip\":false,\"csslayout\":\"\",\"title\":\"Trajet\",\"layout\":\"one_column\",\"required\":false,\"toSubmit\":\"text\",\"choiceSelected\":\"Aller - 1\",\"showDep\":false,\"choices\":[\"Aller\",\"Aller\\\/retour\"],\"choicesVal\":[\"1\",\"2\"],\"choicesDep\":[[],[]],\"fBuild\":{},\"parent\":\"\"},{\"form_identifier\":\"\",\"name\":\"fieldname18\",\"shortlabel\":\"\",\"index\":5,\"ftype\":\"fCalculated\",\"userhelp\":\"\",\"userhelpTooltip\":false,\"csslayout\":\"\",\"title\":\"Distance totale\",\"predefined\":\"\",\"required\":false,\"size\":\"small\",\"toolbar\":\"default|mathematical\",\"eq\":\"fieldname21*fieldname16\",\"suffix\":\" kms\",\"prefix\":\"\",\"decimalsymbol\":\".\",\"groupingsymbol\":\"\",\"dependencies\":[{\"rule\":\"\",\"complex\":false,\"fields\":[\"\"]}],\"readonly\":true,\"hidefield\":false,\"optimizeEq\":true,\"eq_factored\":\"(fieldname21*fieldname16)\",\"fBuild\":{},\"parent\":\"\"},{\"list\":{\"database\":{\"form\":\"6\",\"vars\":[\"fieldname4\",\"fieldname5\"]}},\"isDataSource\":true,\"active\":\"database\",\"form_identifier\":\"\",\"name\":\"fieldname19\",\"shortlabel\":\"\",\"index\":6,\"ftype\":\"fhiddends\",\"userhelp\":\"\",\"userhelpTooltip\":false,\"csslayout\":\"\",\"title\":\"Empreinte cach\\u00e9e\",\"predefined\":\"\",\"fBuild\":{},\"parent\":\"\"},{\"form_identifier\":\"\",\"name\":\"fieldname20\",\"shortlabel\":\"\",\"index\":7,\"ftype\":\"fCalculated\",\"userhelp\":\"\",\"userhelpTooltip\":false,\"csslayout\":\"\",\"title\":\"Empreinte carbone\",\"predefined\":\"\",\"required\":false,\"size\":\"small\",\"toolbar\":\"default|mathematical\",\"eq\":\"fieldname16*fieldname9*(fieldname19\\\/1000)\",\"suffix\":\"  t\\u00e9qCO2\",\"prefix\":\"\",\"decimalsymbol\":\".\",\"groupingsymbol\":\"\",\"dependencies\":[{\"rule\":\"\",\"complex\":false,\"fields\":[\"\"]}],\"readonly\":true,\"hidefield\":false,\"optimizeEq\":true,\"eq_factored\":\"(fieldname16*fieldname9*(fieldname19\\\/1000))\",\"fBuild\":{},\"parent\":\"\"},{\"form_identifier\":\"\",\"name\":\"fieldname17\",\"shortlabel\":\"\",\"index\":8,\"ftype\":\"fCalculated\",\"userhelp\":\"\",\"userhelpTooltip\":false,\"csslayout\":\"\",\"title\":\"Montant de votre don au Fonds Solidarit\\u00e9 Climat\",\"predefined\":\"\",\"required\":false,\"size\":\"small\",\"toolbar\":\"default|mathematical\",\"eq\":\"fieldname20*22\",\"suffix\":\"\\u20ac\",\"prefix\":\"\",\"decimalsymbol\":\",\",\"groupingsymbol\":\".\",\"dependencies\":[{\"rule\":\"\",\"complex\":false,\"fields\":[\"\"]}],\"readonly\":true,\"hidefield\":false,\"optimizeEq\":true,\"eq_factored\":\"fieldname20*22\",\"fBuild\":{},\"parent\":\"\"}],{\"0\":{\"title\":\"Empreinte Carbone\",\"description\":\"Formulaire simple permettant de calculer votre empreinte carbone\",\"formlayout\":\"top_aligned\",\"formtemplate\":\"cp_cff_elegant\",\"evalequations\":1,\"autocomplete\":1},\"formid\":\"cp_calculatedfieldsf_pform_1\",\"setCache\":false,\"cache\":false}];<\/script><!--\/noptimize--><\/pre>\r\n\t\t<div id=\"fbuilder\">\r\n\t\t\t<div id=\"fbuilder_1\">\r\n\t\t\t\t<div id=\"formheader_1\"><\/div>\r\n\t\t\t\t<div id=\"fieldlist_1\"><\/div>\r\n\t\t\t<\/div>\r\n\t\t\t<div id=\"cpcaptchalayer_1\" class=\"cpcaptchalayer\" style=\"display:none;\">\r\n\t\t\t\t\t\t\t\t\t<!--add-ons-->\r\n\t\t\t  \r\n\t\t\t<\/div>\r\n\t\t\t\t\t\t<div class=\"clearer\"><\/div>\r\n\t\t<\/div>\r\n\t\t<\/form>\r\n\n<p><a href=\"http:\/\/www.fondationdelille.org\/climat\/?page_id=170\"><img decoding=\"async\" loading=\"lazy\" class=\" size-full wp-image-497 aligncenter\" src=\"http:\/\/www.fondationdelille.org\/climat\/wp-content\/uploads\/2014\/08\/vous-souhaitez-proposer-un-projet-.png\" alt=\"vous souhaitez proposer un projet ?\" width=\"303\" height=\"91\" srcset=\"https:\/\/www.fondationdelille.org\/climat\/wp-content\/uploads\/2014\/08\/vous-souhaitez-proposer-un-projet-.png 303w, https:\/\/www.fondationdelille.org\/climat\/wp-content\/uploads\/2014\/08\/vous-souhaitez-proposer-un-projet--300x90.png 300w\" sizes=\"(max-width: 303px) 100vw, 303px\" \/><\/a><\/p>\n<p class=\"western\" style=\"text-align: justify;\"><span style=\"text-decoration: underline;\">M\u00e9thodologie<\/span> : La source des donn\u00e9es \u00ab\u00a0carbone\u00a0\u00bb provient de la Fondation Goodplanet. Ce calculateur vous permet, en peu de temps, d\u2019estimer l\u2019impact sur le climat de vos d\u00e9placements<em> (incompressibles)<\/em> en avion. Les donn\u00e9es de la Fondation Goodplanet s\u2019appuie sur la m\u00e9thodologie Bilan Carbone\u00ae d\u00e9velopp\u00e9e par l\u2019ADEME et aujourd\u2019hui diffus\u00e9e par l\u2019Association Bilan Carbone (A.B.C.). <strong>Il se veut avant tout un outil de prise de conscience. <\/strong><\/p>\n","protected":false},"excerpt":{"rendered":"<p>Ce calculateur vous permettra d&rsquo;estimer le montant de votre don en fonction de vos \u00e9missions de gaz \u00e0 effet de serre li\u00e9es \u00e0 vos d\u00e9placements en avion. Il s&rsquo;agit d&rsquo;un [&hellip;]<\/p>\n","protected":false},"author":1,"featured_media":0,"parent":167,"menu_order":0,"comment_status":"closed","ping_status":"open","template":"","meta":{"_mi_skip_tracking":false},"acf":[],"_links":{"self":[{"href":"https:\/\/www.fondationdelille.org\/climat\/wp-json\/wp\/v2\/pages\/101"}],"collection":[{"href":"https:\/\/www.fondationdelille.org\/climat\/wp-json\/wp\/v2\/pages"}],"about":[{"href":"https:\/\/www.fondationdelille.org\/climat\/wp-json\/wp\/v2\/types\/page"}],"author":[{"embeddable":true,"href":"https:\/\/www.fondationdelille.org\/climat\/wp-json\/wp\/v2\/users\/1"}],"replies":[{"embeddable":true,"href":"https:\/\/www.fondationdelille.org\/climat\/wp-json\/wp\/v2\/comments?post=101"}],"version-history":[{"count":24,"href":"https:\/\/www.fondationdelille.org\/climat\/wp-json\/wp\/v2\/pages\/101\/revisions"}],"predecessor-version":[{"id":793,"href":"https:\/\/www.fondationdelille.org\/climat\/wp-json\/wp\/v2\/pages\/101\/revisions\/793"}],"up":[{"embeddable":true,"href":"https:\/\/www.fondationdelille.org\/climat\/wp-json\/wp\/v2\/pages\/167"}],"wp:attachment":[{"href":"https:\/\/www.fondationdelille.org\/climat\/wp-json\/wp\/v2\/media?parent=101"}],"curies":[{"name":"wp","href":"https:\/\/api.w.org\/{rel}","templated":true}]}}