 {"id":156,"date":"2015-04-01T16:08:07","date_gmt":"2015-04-01T15:08:07","guid":{"rendered":"http:\/\/www.fondationdelille.org\/climat\/?page_id=156"},"modified":"2021-02-23T12:01:27","modified_gmt":"2021-02-23T11:01:27","slug":"historique","status":"publish","type":"page","link":"https:\/\/www.fondationdelille.org\/climat\/presentation\/historique\/","title":{"rendered":"Un peu d&rsquo;histoire&#8230;"},"content":{"rendered":"<p style=\"text-align: justify;\"><img decoding=\"async\" loading=\"lazy\" class=\" wp-image-424 size-medium aligncenter\" src=\"http:\/\/www.fondationdelille.org\/climat\/wp-content\/uploads\/2015\/04\/Avion-300x101.png\" alt=\"Avion\" width=\"300\" height=\"101\" srcset=\"https:\/\/www.fondationdelille.org\/climat\/wp-content\/uploads\/2015\/04\/Avion-300x101.png 300w, https:\/\/www.fondationdelille.org\/climat\/wp-content\/uploads\/2015\/04\/Avion-1024x344.png 1024w, https:\/\/www.fondationdelille.org\/climat\/wp-content\/uploads\/2015\/04\/Avion.png 1189w\" sizes=\"(max-width: 300px) 100vw, 300px\" \/><\/p>\n<p style=\"text-align: justify;\">En\u00a02008, le Service Relations Internationales de la Ville de Lille met en place un <strong>fonds s\u2019inspirant d\u2019une d\u00e9marche volontaire de contribution carbone<\/strong> ayant pour objectif prioritaire de sensibiliser les agents municipaux \u00e0 l\u2019<strong>\u00e9mission de gaz \u00e0 effets de serre li\u00e9e \u00e0 leurs d\u00e9placements<\/strong>.\u00a0Ce fonds visait alors \u00e0 estimer les \u00e9missions de carbone li\u00e9es aux d\u00e9placements a\u00e9riens incompressibles des agents et \u00e9lus de la Ville de Lille, dans le cadre de sa politique d\u2019ouverture \u00e0 l\u2019international, pour ensuite convertir les donn\u00e9es chiffr\u00e9es en une dotation destin\u00e9e \u00e0 financer des projets favorisant la transition \u00e9cologique.<\/p>\n<p style=\"text-align: justify;\"><strong>Deux projets avaient alors \u00e9t\u00e9 financ\u00e9s\u00a0:<\/strong>\u00a0un\u00a0projet d&rsquo;identification des\u00a0besoins en eau et de d\u00e9veloppement des infrastructures hydrauliques dans la r\u00e9gion de Matam au S\u00e9n\u00e9gal par<strong> Ing\u00e9nieurs Sans Fronti\u00e8res Nord,<\/strong> et un projet de\u00a0r\u00e9novation de la Mangrove (Phase I) par<strong>\u00a0Le Partenariat.<\/strong><\/p>\n<p style=\"text-align: justify;\"><strong>Il s\u2019agissait d\u00e9sormais d\u2019ouvrir ce fonds \u00e0 l\u2019ensemble des entreprises, des associations, des collectivit\u00e9s, et plus largement des habitants de la r\u00e9gion souhaitant devenir acteurs de la transition \u00e9nerg\u00e9tique.<\/strong><\/p>\n<p style=\"text-align: justify;\">En avril 2013, la Fondation de Lille ouvre le\u00a0<b>premier Fonds mis en place \u00e0 l\u2019\u00e9chelle d\u2019un territoire, Lille et la r\u00e9gion Hauts-de-France.<\/b><\/p>\n<p style=\"text-align: justify;\"><b>Le Fonds Solidarit\u00e9 Climat a \u00e9t\u00e9 \u00e9labor\u00e9<\/b><b> en concertation avec la Ville de Lille, le CERDD <\/b><i>(Centre Ressources D\u00e9veloppement Durable) <\/i><b>Hauts-de-France<\/b><b>\u00a0et le GERES <\/b><i>(Groupe Energies Renouvelables, Environnements et Solidarit\u00e9s)<\/i><b>. Ce fonds a obtenu le soutien de la Dynamique Climat &#8211; Agissons dans les Hauts-de-France.<br \/>\n<\/b><\/p>\n","protected":false},"excerpt":{"rendered":"<p>En\u00a02008, le Service Relations Internationales de la Ville de Lille met en place un fonds s\u2019inspirant d\u2019une d\u00e9marche volontaire de contribution carbone ayant pour objectif prioritaire de sensibiliser les agents [&hellip;]<\/p>\n","protected":false},"author":2,"featured_media":0,"parent":68,"menu_order":0,"comment_status":"closed","ping_status":"closed","template":"","meta":{"_mi_skip_tracking":false},"acf":[],"_links":{"self":[{"href":"https:\/\/www.fondationdelille.org\/climat\/wp-json\/wp\/v2\/pages\/156"}],"collection":[{"href":"https:\/\/www.fondationdelille.org\/climat\/wp-json\/wp\/v2\/pages"}],"about":[{"href":"https:\/\/www.fondationdelille.org\/climat\/wp-json\/wp\/v2\/types\/page"}],"author":[{"embeddable":true,"href":"https:\/\/www.fondationdelille.org\/climat\/wp-json\/wp\/v2\/users\/2"}],"replies":[{"embeddable":true,"href":"https:\/\/www.fondationdelille.org\/climat\/wp-json\/wp\/v2\/comments?post=156"}],"version-history":[{"count":15,"href":"https:\/\/www.fondationdelille.org\/climat\/wp-json\/wp\/v2\/pages\/156\/revisions"}],"predecessor-version":[{"id":802,"href":"https:\/\/www.fondationdelille.org\/climat\/wp-json\/wp\/v2\/pages\/156\/revisions\/802"}],"up":[{"embeddable":true,"href":"https:\/\/www.fondationdelille.org\/climat\/wp-json\/wp\/v2\/pages\/68"}],"wp:attachment":[{"href":"https:\/\/www.fondationdelille.org\/climat\/wp-json\/wp\/v2\/media?parent=156"}],"curies":[{"name":"wp","href":"https:\/\/api.w.org\/{rel}","templated":true}]}}