 {"id":193,"date":"2015-04-02T11:14:14","date_gmt":"2015-04-02T10:14:14","guid":{"rendered":"http:\/\/www.fondationdelille.org\/climat\/?page_id=193"},"modified":"2023-04-05T09:43:30","modified_gmt":"2023-04-05T08:43:30","slug":"local","status":"publish","type":"page","link":"https:\/\/www.fondationdelille.org\/climat\/laureats\/local\/","title":{"rendered":"Les projets ici&#8230;"},"content":{"rendered":"<p style=\"text-align: justify;\">Le Fonds Solidarit\u00e9 Climat a d\u00e9j\u00e0 permis de financer<b> dix associations locales, soucieuses de mettre en \u0153uvre des projets<\/b> locaux\u00a0contre les changements climatiques ou <strong>en faveur de l\u2019adaptation aux changements climatiques<\/strong> :<\/p>\n<ul style=\"list-style-type: circle;\">\n<li style=\"text-align: justify;\">le <a href=\"http:\/\/www.fondationdelille.org\/climat\/?page_id=588\">Lyc\u00e9e Baggio<\/a> pour l\u2019alimentation d\u2019un p\u00f4le multim\u00e9dia par \u00e9nergie renouvelable<\/li>\n<li style=\"text-align: justify;\">Les <a href=\"http:\/\/www.fondationdelille.org\/climat\/?page_id=617\">Jardins du Cygne<\/a> pour la replantation des wateringues de Warhem, en Flandre Int\u00e9rieure<\/li>\n<li style=\"text-align: justify;\"><a href=\"http:\/\/www.fondationdelille.org\/climat\/?page_id=595\">Les Planteurs Volontaires<\/a>\u00a0pour\u00a0le reboisement de la m\u00e9tropole lilloise au travers de\u00a0chantiers participatifs<\/li>\n<li><a href=\"http:\/\/www.fondationdelille.org\/climat\/laureats\/local\/universite-lille\/\">L&rsquo;Universit\u00e9 de Lille<\/a> pour la cr\u00e9ation d&rsquo;un verger universitaire sur le campus<\/li>\n<li><a href=\"http:\/\/www.fondationdelille.org\/climat\/laureats\/local\/jardins-du-grand-cerf\/\">Les Jardins Partag\u00e9s du Grand Cerf<\/a> pour le d\u00e9veloppement de jardins partag\u00e9s sur la commune de Ronchin<\/li>\n<li><a href=\"http:\/\/www.fondationdelille.org\/climat\/laureats\/local\/laeronef\/\">L&rsquo;A\u00e9ronef<\/a> pour la r\u00e9alisation d&rsquo;un patio v\u00e9g\u00e9talis\u00e9 \u00e0 Euralille<\/li>\n<li>Le projet CASBAH pour d\u00e9velopper le pouvoir d\u2019agir des habitants de Faches-Thumesnil, en situation de pr\u00e9carit\u00e9 \u00e9nerg\u00e9tique, dans l\u2019adaptation de leur habitat face \u00e0 l\u2019al\u00e9a climatique des vagues de chaleur<\/li>\n<li>Le Soleil du Nord pour le d\u00e9ploiement, d\u2019une op\u00e9ration d\u2019autoconsommation collective \u00e0 l\u2019\u00e9chelle d\u2019une ville et d\u00e9veloppement d\u2019un mod\u00e8le \u00e9conomique inclusif, r\u00e9silient, vertueux et orient\u00e9 sur la consommation responsable d\u2019\u00e9nergie renouvelable.<\/li>\n<li>La Maison de l&rsquo;eau, de la p\u00eache et de la nature pour participer \u00e0 la protection des milieux aquatiques et du patrimoine piscicole et promouvoir des actions d\u2019information, de formation et d\u2019\u00e9ducation pour la protection de la biodiversit\u00e9 par la cr\u00e9ation de 8 mares participatives.<\/li>\n<li>Le projet LIBEL&rsquo;UP pour d\u00e9velopper et exp\u00e9rimenter un mod\u00e8le d\u2019\u00e9conomie circulaire p\u00e9renne, pertinent et efficace de collecte, de r\u00e9emploi et de redistribution d\u2019appareil m\u00e9dical gratuit en faveur des s\u00e9niors de notre r\u00e9gion n\u2019ayant pas les moyens financiers de b\u00e9n\u00e9ficier d\u2019\u00e9quipement m\u00e9dical n\u00e9cessaire \u00e0 leur autonomie<\/li>\n<\/ul>\n<address style=\"text-align: justify;\">\u00a0<\/address>\n","protected":false},"excerpt":{"rendered":"<p>Le Fonds Solidarit\u00e9 Climat a d\u00e9j\u00e0 permis de financer dix associations locales, soucieuses de mettre en \u0153uvre des projets locaux\u00a0contre les changements climatiques ou en faveur de l\u2019adaptation aux changements [&hellip;]<\/p>\n","protected":false},"author":2,"featured_media":0,"parent":246,"menu_order":0,"comment_status":"closed","ping_status":"open","template":"","meta":{"_mi_skip_tracking":false},"acf":[],"_links":{"self":[{"href":"https:\/\/www.fondationdelille.org\/climat\/wp-json\/wp\/v2\/pages\/193"}],"collection":[{"href":"https:\/\/www.fondationdelille.org\/climat\/wp-json\/wp\/v2\/pages"}],"about":[{"href":"https:\/\/www.fondationdelille.org\/climat\/wp-json\/wp\/v2\/types\/page"}],"author":[{"embeddable":true,"href":"https:\/\/www.fondationdelille.org\/climat\/wp-json\/wp\/v2\/users\/2"}],"replies":[{"embeddable":true,"href":"https:\/\/www.fondationdelille.org\/climat\/wp-json\/wp\/v2\/comments?post=193"}],"version-history":[{"count":24,"href":"https:\/\/www.fondationdelille.org\/climat\/wp-json\/wp\/v2\/pages\/193\/revisions"}],"predecessor-version":[{"id":856,"href":"https:\/\/www.fondationdelille.org\/climat\/wp-json\/wp\/v2\/pages\/193\/revisions\/856"}],"up":[{"embeddable":true,"href":"https:\/\/www.fondationdelille.org\/climat\/wp-json\/wp\/v2\/pages\/246"}],"wp:attachment":[{"href":"https:\/\/www.fondationdelille.org\/climat\/wp-json\/wp\/v2\/media?parent=193"}],"curies":[{"name":"wp","href":"https:\/\/api.w.org\/{rel}","templated":true}]}}