 {"id":588,"date":"2016-09-27T10:29:43","date_gmt":"2016-09-27T09:29:43","guid":{"rendered":"http:\/\/www.fondationdelille.org\/climat\/?page_id=588"},"modified":"2021-02-23T12:17:37","modified_gmt":"2021-02-23T11:17:37","slug":"lycee-baggio","status":"publish","type":"page","link":"https:\/\/www.fondationdelille.org\/climat\/laureats\/local\/lycee-baggio\/","title":{"rendered":"Pour l&rsquo;alimentation d&rsquo;un p\u00f4le multim\u00e9dia par \u00e9nergie renouvelable"},"content":{"rendered":"<hr \/>\n<p style=\"text-align: center;\"><strong>LYC\u00c9E BAGGIO DE LILLE &#8211; LAUR\u00c9AT 2013<\/strong><\/p>\n<hr \/>\n<p style=\"text-align: justify;\">En 2013, le <strong>Lyc\u00e9e Baggio<\/strong> a obtenu une aide financi\u00e8re de<strong> 3 850 \u20ac<\/strong> pour r\u00e9aliser son <strong>projet d\u2019alimentation d\u2019un p\u00f4le multim\u00e9dia basse consommation par l\u2019\u00e9nergie solaire photovolta\u00efque<\/strong>.<\/p>\n<p style=\"text-align: justify;\">Cette installation \u00e0 envergure locale fait r\u00e9f\u00e9rence \u00e0 deux projets similaires r\u00e9alis\u00e9s par des \u00e9l\u00e8ves du lyc\u00e9e Baggio impliqu\u00e9s pour l&rsquo;association Actions Baggio, en lien avec le\u00a0lyc\u00e9e partenaire de Peytavin de Saint-Louis au S\u00e9n\u00e9gal. L&rsquo;un a eu lieu en 2010 et le second, \u00e0 l\u2019h\u00f4pital de Mamou en Guin\u00e9e en 2012.<\/p>\n<p style=\"text-align: justify;\">Fort de leur expertise \u00e0 l&rsquo;international, il s\u2019agissait d\u00e9sormais de <strong>sensibiliser les jeunes du lyc\u00e9e \u00e0 la consommation d\u2019\u00e9nergie li\u00e9e \u00e0 l\u2019utilisation des TIP<\/strong> et d\u2019internet par la <strong>r\u00e9alisation concr\u00e8te d\u2019une alimentation d\u2019\u00e9nergie renouvelable s\u00e9curis\u00e9e pour le CDI,<\/strong> Centre de Documentations et d\u2019Informations.<\/p>\n<p><img decoding=\"async\" loading=\"lazy\" class=\"wp-image-719 aligncenter\" src=\"http:\/\/www.fondationdelille.org\/climat\/wp-content\/uploads\/2016\/09\/Lycee-Baggio-Laureat-2013.png\" alt=\"Le Lyc\u00e9e Baggio, laur\u00e9at 2013 du Fonds Solidarit\u00e9 Climat pour l'installation de panneaux photovolta\u00efques pour l'alimentation du CDI\" width=\"600\" height=\"448\" srcset=\"https:\/\/www.fondationdelille.org\/climat\/wp-content\/uploads\/2016\/09\/Lycee-Baggio-Laureat-2013.png 814w, https:\/\/www.fondationdelille.org\/climat\/wp-content\/uploads\/2016\/09\/Lycee-Baggio-Laureat-2013-300x224.png 300w, https:\/\/www.fondationdelille.org\/climat\/wp-content\/uploads\/2016\/09\/Lycee-Baggio-Laureat-2013-768x574.png 768w, https:\/\/www.fondationdelille.org\/climat\/wp-content\/uploads\/2016\/09\/Lycee-Baggio-Laureat-2013-400x300.png 400w\" sizes=\"(max-width: 600px) 100vw, 600px\" \/><\/p>\n<address style=\"text-align: center;\">\n<hr \/>\n<\/address>\n<address style=\"text-align: center;\"><strong>ET CONCR\u00c8TEMENT ?<\/strong><\/address>\n<address style=\"text-align: center;\">\n<hr \/>\n<\/address>\n<address style=\"text-align: justify;\">Concr\u00e8tement, les <strong>\u00e9l\u00e8ves ont r\u00e9alis\u00e9 un bilan \u00e9nerg\u00e9tique<\/strong> des ordinateurs du CDI et ont ainsi propos\u00e9 de r\u00e9duire par 4 la consommation annuelle par <strong>l&rsquo;installation de postes \u00ab\u00a0clients l\u00e9gers\u00a0\u00bb, d&rsquo;\u00e9crans basse consommation et de routeurs<\/strong>. L&rsquo;installation a permis de <strong>r\u00e9duire la consommation<\/strong> par rapport aux \u00e9quipements informatiques pr\u00e9c\u00e9dents<strong> \u00e0 3300 kWh par an<\/strong>, soit une \u00e9conomie d&rsquo;\u00e9nergie correspondant \u00e0 environ <strong>300kg de CO2 annuels<\/strong>, et une \u00e9conomique r\u00e9elle de pr\u00e8s de 500 euros sur la facture \u00e9lectrique.<\/address>\n<address style=\"text-align: justify;\">4 \u00e9l\u00e8ves du BTS Electrotechnique ont ensuite <strong>aliment\u00e9 les \u00e9quipements par des panneaux photovolta\u00efques<\/strong> avec le soutien technique de l&rsquo;entreprise SB Energy, et l&rsquo;appui de l&rsquo;usine Enersys d&rsquo;Arras, fabriquant de batteries solaires. 12 modules photovolta\u00efques permettent d\u00e9sormais de fournir une \u00e9nergie moyenne suffisante pour alimenter les postes de mars \u00e0 novembre.<\/address>\n<address style=\"text-align: justify;\">L&rsquo;onduleur permet de <strong>privil\u00e9gier la source d&rsquo;\u00e9nergie renouvelable qu&rsquo;est l&rsquo;\u00e9nergie solaire \u00e0 l&rsquo;\u00e9nergie du r\u00e9seau<\/strong>, lorsque cela est possible. La part d&rsquo;<strong>autoconsommation a \u00e9t\u00e9 estim\u00e9e \u00e0 70%<\/strong> et devra \u00eatre confirm\u00e9e avec les mesures du syst\u00e8me. <strong>L&rsquo;\u00e9nergie produite est estim\u00e9e \u00e0 3100 kWh<\/strong>, soit une <strong>\u00e9conomie de 270 kg de CO2 par an<\/strong> et plus de 400 euros sur la facture \u00e9lectrique.<\/address>\n<address style=\"text-align: justify;\">\n<hr \/>\n<\/address>\n<address style=\"text-align: justify;\">\u00a0<\/address>\n","protected":false},"excerpt":{"rendered":"<p>LYC\u00c9E BAGGIO DE LILLE &#8211; LAUR\u00c9AT 2013 En 2013, le Lyc\u00e9e Baggio a obtenu une aide financi\u00e8re de 3 850 \u20ac pour r\u00e9aliser son projet d\u2019alimentation d\u2019un p\u00f4le multim\u00e9dia basse [&hellip;]<\/p>\n","protected":false},"author":2,"featured_media":0,"parent":193,"menu_order":0,"comment_status":"closed","ping_status":"closed","template":"","meta":{"_mi_skip_tracking":false},"acf":[],"_links":{"self":[{"href":"https:\/\/www.fondationdelille.org\/climat\/wp-json\/wp\/v2\/pages\/588"}],"collection":[{"href":"https:\/\/www.fondationdelille.org\/climat\/wp-json\/wp\/v2\/pages"}],"about":[{"href":"https:\/\/www.fondationdelille.org\/climat\/wp-json\/wp\/v2\/types\/page"}],"author":[{"embeddable":true,"href":"https:\/\/www.fondationdelille.org\/climat\/wp-json\/wp\/v2\/users\/2"}],"replies":[{"embeddable":true,"href":"https:\/\/www.fondationdelille.org\/climat\/wp-json\/wp\/v2\/comments?post=588"}],"version-history":[{"count":11,"href":"https:\/\/www.fondationdelille.org\/climat\/wp-json\/wp\/v2\/pages\/588\/revisions"}],"predecessor-version":[{"id":810,"href":"https:\/\/www.fondationdelille.org\/climat\/wp-json\/wp\/v2\/pages\/588\/revisions\/810"}],"up":[{"embeddable":true,"href":"https:\/\/www.fondationdelille.org\/climat\/wp-json\/wp\/v2\/pages\/193"}],"wp:attachment":[{"href":"https:\/\/www.fondationdelille.org\/climat\/wp-json\/wp\/v2\/media?parent=588"}],"curies":[{"name":"wp","href":"https:\/\/api.w.org\/{rel}","templated":true}]}}