 {"id":595,"date":"2016-09-27T10:42:07","date_gmt":"2016-09-27T09:42:07","guid":{"rendered":"http:\/\/www.fondationdelille.org\/climat\/?page_id=595"},"modified":"2021-02-23T12:23:20","modified_gmt":"2021-02-23T11:23:20","slug":"planteurs-volontaires","status":"publish","type":"page","link":"https:\/\/www.fondationdelille.org\/climat\/laureats\/local\/planteurs-volontaires\/","title":{"rendered":"Pour le reboisement de la m\u00e9tropole lilloise au travers de chantiers participatifs"},"content":{"rendered":"<hr \/>\n<p style=\"text-align: center;\"><strong>LES PLANTEURS VOLONTAIRES &#8211; LAUR\u00c9AT 2015<\/strong><\/p>\n<hr \/>\n<p style=\"text-align: justify;\">En 2015, l&rsquo;association<strong> Les Planteurs Volontaires a obtenu une aide financi\u00e8re de 2 500 \u20ac<\/strong> pour son projet \u00ab\u00a0<strong>P\u00e9ri Urban Park<\/strong>\u00a0\u00bb \u00a0qui vise \u00e0 reboiser le paysage de Lille M\u00e9tropole au travers de chantiers citoyens participatifs.<\/p>\n<p style=\"text-align: justify;\">Chaque ann\u00e9e, <strong>les Hauts-de-France\u00a0perd 1800 ha de terres agricoles et espaces naturels<\/strong> (source DDTM et DREAL).\u00a0L\u2019ensemble des chantiers de ce\u00a0projet global de reboisement <strong>vise \u00e0 am\u00e9liorer le cadre de vie des habitants de Lille m\u00e9tropole<\/strong> par une d\u00e9marche de<strong> plantation citoyenne d\u2019arbres<\/strong>, de <strong>renforcer la biodiversit\u00e9 en milieu urbain<\/strong> et p\u00e9ri urbain, <strong>restaurer la ceinture verte de l\u2019Eurom\u00e9tropole<\/strong> tout en offrant aux citoyens un moyen d\u2019appropriation et d\u2019am\u00e9lioration de leur environnement proche.<\/p>\n<p style=\"text-align: justify;\"><img decoding=\"async\" loading=\"lazy\" class=\"aligncenter wp-image-548\" src=\"http:\/\/www.fondationdelille.org\/climat\/wp-content\/uploads\/2015\/11\/Capture-d\u2019\u00e9cran-2015-11-05-\u00e0-12.16.13-300x224.png\" alt=\"Capture d\u2019\u00e9cran 2015-11-05 \u00e0 12.16.13\" width=\"508\" height=\"379\" srcset=\"https:\/\/www.fondationdelille.org\/climat\/wp-content\/uploads\/2015\/11\/Capture-d\u2019\u00e9cran-2015-11-05-\u00e0-12.16.13-300x224.png 300w, https:\/\/www.fondationdelille.org\/climat\/wp-content\/uploads\/2015\/11\/Capture-d\u2019\u00e9cran-2015-11-05-\u00e0-12.16.13.png 772w\" sizes=\"(max-width: 508px) 100vw, 508px\" \/><\/p>\n<p style=\"text-align: center;\"><em>Un\u00a0chantier\u00a0participatif des Planteurs Volontaires (c)<\/em><\/p>\n<address style=\"text-align: center;\">\n<hr \/>\n<\/address>\n<address style=\"text-align: center;\"><strong>ET CONCR\u00c8TEMENT ?<\/strong><\/address>\n<address style=\"text-align: center;\">\n<hr \/>\n<\/address>\n<address style=\"text-align: justify;\"><strong>Un des chantiers participatifs du projet global P\u00e9ri Urban Park s&rsquo;est d\u00e9roul\u00e9 au Jardin des Dondaines \u00e0 Lille<\/strong>. La dotation de la Fondation de Lille a permis de planter sur place pr\u00e8s de 2.000 arbres issus d&rsquo;une douzaine d&rsquo;essences diff\u00e9rentes avec l&rsquo;aide des habitants, de l\u2019\u00e9cole primaire Cornette et de l\u2019\u00e9cole primaire des Dondaines, de l\u2019IME des Papillons Blancs, de l\u2019atelier Jeunes et Partage de l\u2019ABEJ et du CFA du lyc\u00e9e horticole de Lomme. \u00a0\u00a0<\/address>\n<address style=\"text-align: justify;\">La<strong> plantation de haies et d\u2019arbres isol\u00e9s<\/strong> a permis au b\u00e9tail de la ferme urbaine Marcel Dh\u00e9nin d\u2019avoir un parcours de d\u00e9ambulation et un syst\u00e8me de p\u00e2turage. De mani\u00e8re g\u00e9n\u00e9rale, la plantation d&rsquo;arbres permet de lutter en milieu urbain contre le r\u00e9chauffement climatique, de pr\u00e9server la biodiversit\u00e9, de lutter contre les inondations et l&rsquo;\u00e9rosion des sols, d&rsquo;am\u00e9liorer la qualit\u00e9 de l&rsquo;eau, de l&rsquo;air, des paysages.<\/address>\n<address style=\"text-align: justify;\">Les chantiers participatifs citoyens ont permis <strong>d&rsquo;associer les habitants \u00e0 la requalification du parc<\/strong> pour assurer une meilleur appropriation du site par les usagers.<\/address>\n<address style=\"text-align: justify;\">\n<hr \/>\n<div class=\"issuuembed\" style=\"width: 525px; height: 186px; text-align: center;\" data-configid=\"0\/34646480\"><\/div>\n<p><script src=\"\/\/e.issuu.com\/embed.js\" async=\"true\" type=\"text\/javascript\"><\/script><iframe loading=\"lazy\" src=\"https:\/\/www.youtube.com\/embed\/Tug-ddNtv4w\" width=\"560\" height=\"315\" frameborder=\"0\" allowfullscreen=\"allowfullscreen\"><\/iframe><\/p>\n<\/address>\n<address style=\"text-align: justify;\"><strong>Plus de renseignements : <\/strong><\/address>\n<address style=\"text-align: justify;\"><a href=\"http:\/\/planteurs-volontaires.com\/\" target=\"_blank\" rel=\"noopener\">Le site des Planteurs Volontaires<\/a><\/address>\n","protected":false},"excerpt":{"rendered":"<p>LES PLANTEURS VOLONTAIRES &#8211; LAUR\u00c9AT 2015 En 2015, l&rsquo;association Les Planteurs Volontaires a obtenu une aide financi\u00e8re de 2 500 \u20ac pour son projet \u00ab\u00a0P\u00e9ri Urban Park\u00a0\u00bb \u00a0qui vise \u00e0 [&hellip;]<\/p>\n","protected":false},"author":2,"featured_media":0,"parent":193,"menu_order":0,"comment_status":"closed","ping_status":"closed","template":"","meta":{"_mi_skip_tracking":false},"acf":[],"_links":{"self":[{"href":"https:\/\/www.fondationdelille.org\/climat\/wp-json\/wp\/v2\/pages\/595"}],"collection":[{"href":"https:\/\/www.fondationdelille.org\/climat\/wp-json\/wp\/v2\/pages"}],"about":[{"href":"https:\/\/www.fondationdelille.org\/climat\/wp-json\/wp\/v2\/types\/page"}],"author":[{"embeddable":true,"href":"https:\/\/www.fondationdelille.org\/climat\/wp-json\/wp\/v2\/users\/2"}],"replies":[{"embeddable":true,"href":"https:\/\/www.fondationdelille.org\/climat\/wp-json\/wp\/v2\/comments?post=595"}],"version-history":[{"count":20,"href":"https:\/\/www.fondationdelille.org\/climat\/wp-json\/wp\/v2\/pages\/595\/revisions"}],"predecessor-version":[{"id":813,"href":"https:\/\/www.fondationdelille.org\/climat\/wp-json\/wp\/v2\/pages\/595\/revisions\/813"}],"up":[{"embeddable":true,"href":"https:\/\/www.fondationdelille.org\/climat\/wp-json\/wp\/v2\/pages\/193"}],"wp:attachment":[{"href":"https:\/\/www.fondationdelille.org\/climat\/wp-json\/wp\/v2\/media?parent=595"}],"curies":[{"name":"wp","href":"https:\/\/api.w.org\/{rel}","templated":true}]}}