 {"id":757,"date":"2018-09-25T13:09:19","date_gmt":"2018-09-25T12:09:19","guid":{"rendered":"http:\/\/www.fondationdelille.org\/climat\/?page_id=757"},"modified":"2021-02-23T12:29:37","modified_gmt":"2021-02-23T11:29:37","slug":"laeronef","status":"publish","type":"page","link":"https:\/\/www.fondationdelille.org\/climat\/laureats\/local\/laeronef\/","title":{"rendered":"Pour la cr\u00e9ation d&rsquo;un mur v\u00e9g\u00e9talis\u00e9 \u00e0 l&rsquo;A\u00e9ronef"},"content":{"rendered":"<hr \/>\n<p style=\"text-align: center;\"><strong>L&rsquo;A\u00c9RONEF &#8211; LAUR\u00c9AT 2018<\/strong><\/p>\n<hr \/>\n<p style=\"text-align: justify;\">En 2018,<strong> l\u2019A\u00e9ronef a\u00a0<\/strong>obtenu une <strong>aide\u00a0financi\u00e8re de\u00a02 600 \u20ac<\/strong> pour son projet \u00ab\u00a0<strong>A\u00e9ro Green<\/strong>\u00a0\u00bb qui vise \u00e0 <strong>v\u00e9g\u00e9taliser le patio de l\u2019A\u00e9ronef<\/strong>, sc\u00e8ne de musiques actuelles situ\u00e9e \u00e0 Lille.<\/p>\n<p style=\"text-align: justify;\">En verdissant un espace b\u00e9tonn\u00e9 sur les hauteurs d\u2019Euralille, l\u2019A\u00e9ronef souhaite\u00a0<strong>r\u00e9int\u00e9grer de la biodiversit\u00e9 dans un espace urbain tr\u00e8s dense.<\/strong><\/p>\n<address>\u00a0<\/address>\n<hr \/>\n<p><strong>ET CONCR\u00c8TEMENT ?<\/strong><\/p>\n<hr \/>\n<p style=\"text-align: justify;\">L\u2019association s\u2019est <strong>entour\u00e9e d\u2019\u00e9tudiants de l\u2019ENSAPL,<\/strong> l\u2019\u00c9cole Nationale Sup\u00e9rieure d\u2019Architecture et de Paysage de Lille\u00a0pour la conception du projet qui permet de redonner au patio <strong>sa fonction d\u2019espace de rencontres et d\u2019\u00e9changes<\/strong> dans lequel il fait bon s&rsquo;installer. Dans le cadre du programme de l&rsquo;A\u00e9ronef, des temps forts de\u00a0<strong>sensibilisation au public li\u00e9s \u00e0 la salle de concert et aux notions de jardinage urbain sont propos\u00e9s<\/strong>.<\/p>\n<hr \/>\n<p><strong>Je veux en savoir plus :<\/strong><\/p>\n<p><a href=\"http:\/\/aeronef.fr\">Le site de\u00a0l&rsquo;A\u00e9ronef<\/a><\/p>\n<p>&nbsp;<\/p>\n","protected":false},"excerpt":{"rendered":"<p>L&rsquo;A\u00c9RONEF &#8211; LAUR\u00c9AT 2018 En 2018, l\u2019A\u00e9ronef a\u00a0obtenu une aide\u00a0financi\u00e8re de\u00a02 600 \u20ac pour son projet \u00ab\u00a0A\u00e9ro Green\u00a0\u00bb qui vise \u00e0 v\u00e9g\u00e9taliser le patio de l\u2019A\u00e9ronef, sc\u00e8ne de musiques actuelles [&hellip;]<\/p>\n","protected":false},"author":2,"featured_media":0,"parent":193,"menu_order":0,"comment_status":"closed","ping_status":"closed","template":"","meta":{"_mi_skip_tracking":false},"acf":[],"_links":{"self":[{"href":"https:\/\/www.fondationdelille.org\/climat\/wp-json\/wp\/v2\/pages\/757"}],"collection":[{"href":"https:\/\/www.fondationdelille.org\/climat\/wp-json\/wp\/v2\/pages"}],"about":[{"href":"https:\/\/www.fondationdelille.org\/climat\/wp-json\/wp\/v2\/types\/page"}],"author":[{"embeddable":true,"href":"https:\/\/www.fondationdelille.org\/climat\/wp-json\/wp\/v2\/users\/2"}],"replies":[{"embeddable":true,"href":"https:\/\/www.fondationdelille.org\/climat\/wp-json\/wp\/v2\/comments?post=757"}],"version-history":[{"count":7,"href":"https:\/\/www.fondationdelille.org\/climat\/wp-json\/wp\/v2\/pages\/757\/revisions"}],"predecessor-version":[{"id":820,"href":"https:\/\/www.fondationdelille.org\/climat\/wp-json\/wp\/v2\/pages\/757\/revisions\/820"}],"up":[{"embeddable":true,"href":"https:\/\/www.fondationdelille.org\/climat\/wp-json\/wp\/v2\/pages\/193"}],"wp:attachment":[{"href":"https:\/\/www.fondationdelille.org\/climat\/wp-json\/wp\/v2\/media?parent=757"}],"curies":[{"name":"wp","href":"https:\/\/api.w.org\/{rel}","templated":true}]}}